{"id":7317,"date":"2022-03-11T12:05:13","date_gmt":"2022-03-11T15:05:13","guid":{"rendered":"https:\/\/cervejaemalte.com.br\/?page_id=7317"},"modified":"2023-02-10T06:25:38","modified_gmt":"2023-02-10T09:25:38","slug":"semana-da-tecnologia-cervejeira","status":"publish","type":"page","link":"https:\/\/cervejaemalte.com.br\/es\/semana-tecnologica-de-la-cerveza\/","title":{"rendered":"Semana de la Tecnolog\u00eda Cervecera"},"content":{"rendered":"<div data-elementor-type=\"wp-page\" data-elementor-id=\"7317\" class=\"elementor elementor-7317\" data-elementor-post-type=\"page\">\n\t\t\t\t\t\t<section class=\"elementor-section elementor-top-section elementor-element elementor-element-2f1a4b8 elementor-reverse-tablet elementor-reverse-mobile elementor-section-boxed elementor-section-height-default elementor-section-height-default\" data-id=\"2f1a4b8\" data-element_type=\"section\" data-settings=\"{&quot;background_background&quot;:&quot;classic&quot;}\">\n\t\t\t\t\t\t<div class=\"elementor-container elementor-column-gap-default\">\n\t\t\t\t\t<div class=\"elementor-column elementor-col-50 elementor-top-column elementor-element elementor-element-3a63770\" data-id=\"3a63770\" data-element_type=\"column\">\n\t\t\t<div class=\"elementor-widget-wrap elementor-element-populated\">\n\t\t\t\t\t\t<div class=\"elementor-element elementor-element-0b04543 elementor-widget elementor-widget-image\" data-id=\"0b04543\" data-element_type=\"widget\" data-widget_type=\"image.default\">\n\t\t\t\t<div class=\"elementor-widget-container\">\n\t\t\t\t\t\t\t\t\t\t\t\t\t\t\t<img fetchpriority=\"high\" decoding=\"async\" width=\"1080\" height=\"1080\" src=\"https:\/\/cervejaemalte.com.br\/wp-content\/uploads\/2022\/09\/13a-Semana-da-Tecnologia-1080X1080.png\" class=\"attachment-full size-full wp-image-9172\" alt=\"Semana de la Tecnolog\u00eda Cervecera\" srcset=\"https:\/\/cervejaemalte.com.br\/wp-content\/uploads\/2022\/09\/13a-Semana-da-Tecnologia-1080X1080.png 1080w, https:\/\/cervejaemalte.com.br\/wp-content\/uploads\/2022\/09\/13a-Semana-da-Tecnologia-1080X1080-300x300.png 300w, https:\/\/cervejaemalte.com.br\/wp-content\/uploads\/2022\/09\/13a-Semana-da-Tecnologia-1080X1080-1024x1024.png 1024w, https:\/\/cervejaemalte.com.br\/wp-content\/uploads\/2022\/09\/13a-Semana-da-Tecnologia-1080X1080-150x150.png 150w, https:\/\/cervejaemalte.com.br\/wp-content\/uploads\/2022\/09\/13a-Semana-da-Tecnologia-1080X1080-768x768.png 768w\" sizes=\"(max-width: 1080px) 100vw, 1080px\" \/>\t\t\t\t\t\t\t\t\t\t\t\t\t\t\t<\/div>\n\t\t\t\t<\/div>\n\t\t\t\t\t<\/div>\n\t\t<\/div>\n\t\t\t\t<div class=\"elementor-column elementor-col-50 elementor-top-column elementor-element elementor-element-18f1d69\" data-id=\"18f1d69\" data-element_type=\"column\">\n\t\t\t<div class=\"elementor-widget-wrap elementor-element-populated\">\n\t\t\t\t\t\t<div class=\"elementor-element elementor-element-f0467ba elementor-widget elementor-widget-heading\" data-id=\"f0467ba\" data-element_type=\"widget\" data-widget_type=\"heading.default\">\n\t\t\t\t<div class=\"elementor-widget-container\">\n\t\t\t\t\t<h2 class=\"elementor-heading-title elementor-size-default\">\u00a1Aseg\u00farese ya su plaza!<\/h2>\t\t\t\t<\/div>\n\t\t\t\t<\/div>\n\t\t\t\t<div class=\"elementor-element elementor-element-52906af elementor-widget elementor-widget-html\" data-id=\"52906af\" data-element_type=\"widget\" data-widget_type=\"html.default\">\n\t\t\t\t<div class=\"elementor-widget-container\">\n\t\t\t\t\t<div class=\"_form_167\"><\/div><script src=\"https:\/\/escolasuperiordecervejaemalte.activehosted.com\/f\/embed.php?id=167\" type=\"text\/javascript\" charset=\"utf-8\"><\/script>\n\t\t\t\t<\/div>\n\t\t\t\t<\/div>\n\t\t\t\t\t<\/div>\n\t\t<\/div>\n\t\t\t\t\t<\/div>\n\t\t<\/section>\n\t\t\t\t<section class=\"elementor-section elementor-top-section elementor-element elementor-element-ec3a69e elementor-section-boxed elementor-section-height-default elementor-section-height-default\" data-id=\"ec3a69e\" data-element_type=\"section\" data-settings=\"{&quot;background_background&quot;:&quot;classic&quot;}\">\n\t\t\t\t\t\t<div class=\"elementor-container elementor-column-gap-default\">\n\t\t\t\t\t<div class=\"elementor-column elementor-col-100 elementor-top-column elementor-element elementor-element-77ba4a0\" data-id=\"77ba4a0\" data-element_type=\"column\">\n\t\t\t<div class=\"elementor-widget-wrap elementor-element-populated\">\n\t\t\t\t\t\t<div class=\"elementor-element elementor-element-696039a elementor-widget elementor-widget-heading\" data-id=\"696039a\" data-element_type=\"widget\" data-widget_type=\"heading.default\">\n\t\t\t\t<div class=\"elementor-widget-container\">\n\t\t\t\t\t<span class=\"elementor-heading-title elementor-size-default\">Falta<\/span>\t\t\t\t<\/div>\n\t\t\t\t<\/div>\n\t\t\t\t<div class=\"elementor-element elementor-element-8d2c740 elementor-countdown--label-block elementor-widget elementor-widget-countdown\" data-id=\"8d2c740\" data-element_type=\"widget\" data-widget_type=\"countdown.default\">\n\t\t\t\t<div class=\"elementor-widget-container\">\n\t\t\t\t\t\t\t<div class=\"elementor-countdown-wrapper\" data-date=\"1684188000\">\n\t\t\t<div class=\"elementor-countdown-item\"><span class=\"elementor-countdown-digits elementor-countdown-days\"><\/span> <span class=\"elementor-countdown-label\">D\u00edas<\/span><\/div><div class=\"elementor-countdown-item\"><span class=\"elementor-countdown-digits elementor-countdown-hours\"><\/span> <span class=\"elementor-countdown-label\">Horas<\/span><\/div><div class=\"elementor-countdown-item\"><span class=\"elementor-countdown-digits elementor-countdown-minutes\"><\/span> <span class=\"elementor-countdown-label\">Actas<\/span><\/div><div class=\"elementor-countdown-item\"><span class=\"elementor-countdown-digits elementor-countdown-seconds\"><\/span> <span class=\"elementor-countdown-label\">Segundos<\/span><\/div>\t\t<\/div>\n\t\t\t\t\t\t<\/div>\n\t\t\t\t<\/div>\n\t\t\t\t\t<\/div>\n\t\t<\/div>\n\t\t\t\t\t<\/div>\n\t\t<\/section>\n\t\t\t\t<section class=\"elementor-section elementor-top-section elementor-element elementor-element-d82814f elementor-section-boxed elementor-section-height-default elementor-section-height-default\" data-id=\"d82814f\" data-element_type=\"section\" data-settings=\"{&quot;background_background&quot;:&quot;classic&quot;}\">\n\t\t\t\t\t\t<div class=\"elementor-container elementor-column-gap-default\">\n\t\t\t\t\t<div class=\"elementor-column elementor-col-100 elementor-top-column elementor-element elementor-element-30f8fec\" data-id=\"30f8fec\" data-element_type=\"column\">\n\t\t\t<div class=\"elementor-widget-wrap elementor-element-populated\">\n\t\t\t\t\t\t<div class=\"elementor-element elementor-element-bf4a50f elementor-widget elementor-widget-heading\" data-id=\"bf4a50f\" data-element_type=\"widget\" data-widget_type=\"heading.default\">\n\t\t\t\t<div class=\"elementor-widget-container\">\n\t\t\t\t\t<span class=\"elementor-heading-title elementor-size-default\">para la Semana de la Tecnolog\u00eda Cervecera<\/span>\t\t\t\t<\/div>\n\t\t\t\t<\/div>\n\t\t\t\t\t<\/div>\n\t\t<\/div>\n\t\t\t\t\t<\/div>\n\t\t<\/section>\n\t\t\t\t<section class=\"elementor-section elementor-top-section elementor-element elementor-element-5fb5024 elementor-section-boxed elementor-section-height-default elementor-section-height-default\" data-id=\"5fb5024\" data-element_type=\"section\" data-settings=\"{&quot;background_background&quot;:&quot;classic&quot;}\">\n\t\t\t\t\t\t<div class=\"elementor-container elementor-column-gap-default\">\n\t\t\t\t\t<div class=\"elementor-column elementor-col-100 elementor-top-column elementor-element elementor-element-1e04c17\" data-id=\"1e04c17\" data-element_type=\"column\">\n\t\t\t<div class=\"elementor-widget-wrap elementor-element-populated\">\n\t\t\t\t\t\t<div class=\"elementor-element elementor-element-6e9b9c5 elementor-widget__width-initial elementor-widget elementor-widget-heading\" data-id=\"6e9b9c5\" data-element_type=\"widget\" data-widget_type=\"heading.default\">\n\t\t\t\t<div class=\"elementor-widget-container\">\n\t\t\t\t\t<h2 class=\"elementor-heading-title elementor-size-default\">Escenario de plantaci\u00f3n mundial y cifras de las cosechas de 2021 y 2022 <\/h2>\t\t\t\t<\/div>\n\t\t\t\t<\/div>\n\t\t\t\t<div class=\"elementor-element elementor-element-da3b09c elementor-testimonial--layout-image_left elementor-testimonial--align-left elementor-testimonial--mobile-align-left elementor-testimonial--skin-default elementor-widget elementor-widget-testimonial-carousel\" data-id=\"da3b09c\" data-element_type=\"widget\" data-settings=\"{&quot;slides_per_view&quot;:&quot;1&quot;,&quot;speed&quot;:500,&quot;space_between&quot;:{&quot;unit&quot;:&quot;px&quot;,&quot;size&quot;:10,&quot;sizes&quot;:[]},&quot;space_between_tablet&quot;:{&quot;unit&quot;:&quot;px&quot;,&quot;size&quot;:10,&quot;sizes&quot;:[]},&quot;space_between_mobile&quot;:{&quot;unit&quot;:&quot;px&quot;,&quot;size&quot;:10,&quot;sizes&quot;:[]}}\" data-widget_type=\"testimonial-carousel.default\">\n\t\t\t\t<div class=\"elementor-widget-container\">\n\t\t\t\t\t\t\t\t\t<div class=\"elementor-swiper\">\n\t\t\t\t\t<div class=\"elementor-main-swiper swiper\" role=\"region\" aria-roledescription=\"carousel\" aria-label=\"Diapositivas\">\n\t\t\t\t<div class=\"swiper-wrapper\">\n\t\t\t\t\t\t\t\t\t\t\t<div class=\"swiper-slide\" role=\"group\" aria-roledescription=\"slide\">\n\t\t\t\t\t\t\t\t\t<div class=\"elementor-testimonial\">\n\t\t\t\t\t\t\t<div class=\"elementor-testimonial__content\">\n\t\t\t\t\t<div class=\"elementor-testimonial__text\">\n\t\t\t\t\t\t\nVicepresidente de Desarrollo Empresarial de Hopsteiner\t\t\t\t\t<\/div>\n\t\t\t\t\t<cite class=\"elementor-testimonial__cite\"><span class=\"elementor-testimonial__name\">Harald Schwarz<\/span><span class=\"elementor-testimonial__title\">Lunes 26\/09 a las 19.00 horas<\/span><\/cite>\t\t\t\t<\/div>\n\t\t\t\t\t\t<div class=\"elementor-testimonial__footer\">\n\t\t\t\t\t\t\t\t\t<div class=\"elementor-testimonial__image\">\n\t\t\t\t\t\t<img decoding=\"async\" src=\"https:\/\/cervejaemalte.com.br\/wp-content\/uploads\/2022\/09\/harald.jpg\" alt=\"Harald Schwarz\">\n\t\t\t\t\t\t\t\t\t\t\t<\/div>\n\t\t\t\t\t\t\t\t\t\t\t<\/div>\n\t\t<\/div>\n\t\t\t\t\t\t\t\t<\/div>\n\t\t\t\t\t\t\t\t\t<\/div>\n\t\t\t\t\t\t\t<\/div>\n\t\t\t\t<\/div>\n\t\t\t\t\t\t\t\t<\/div>\n\t\t\t\t<\/div>\n\t\t\t\t\t<\/div>\n\t\t<\/div>\n\t\t\t\t\t<\/div>\n\t\t<\/section>\n\t\t\t\t<section class=\"elementor-section elementor-top-section elementor-element elementor-element-3114e79 elementor-section-boxed elementor-section-height-default elementor-section-height-default\" data-id=\"3114e79\" data-element_type=\"section\" data-settings=\"{&quot;background_background&quot;:&quot;classic&quot;}\">\n\t\t\t\t\t\t<div class=\"elementor-container elementor-column-gap-default\">\n\t\t\t\t\t<div class=\"elementor-column elementor-col-100 elementor-top-column elementor-element elementor-element-8d3523d\" data-id=\"8d3523d\" data-element_type=\"column\">\n\t\t\t<div class=\"elementor-widget-wrap elementor-element-populated\">\n\t\t\t\t\t\t<div class=\"elementor-element elementor-element-1a0aab4 elementor-widget__width-initial elementor-widget elementor-widget-heading\" data-id=\"1a0aab4\" data-element_type=\"widget\" data-widget_type=\"heading.default\">\n\t\t\t\t<div class=\"elementor-widget-container\">\n\t\t\t\t\t<h2 class=\"elementor-heading-title elementor-size-default\">El an\u00e1lisis sensorial como herramienta de control de calidad<\/h2>\t\t\t\t<\/div>\n\t\t\t\t<\/div>\n\t\t\t\t<div class=\"elementor-element elementor-element-49297bb elementor-testimonial--layout-image_left elementor-testimonial--align-left elementor-testimonial--mobile-align-left elementor-testimonial--skin-default elementor-arrows-yes elementor-pagination-type-bullets elementor-widget elementor-widget-testimonial-carousel\" data-id=\"49297bb\" data-element_type=\"widget\" data-settings=\"{&quot;slides_per_view&quot;:&quot;1&quot;,&quot;show_arrows&quot;:&quot;yes&quot;,&quot;pagination&quot;:&quot;bullets&quot;,&quot;speed&quot;:500,&quot;autoplay&quot;:&quot;yes&quot;,&quot;autoplay_speed&quot;:5000,&quot;loop&quot;:&quot;yes&quot;,&quot;pause_on_hover&quot;:&quot;yes&quot;,&quot;pause_on_interaction&quot;:&quot;yes&quot;,&quot;space_between&quot;:{&quot;unit&quot;:&quot;px&quot;,&quot;size&quot;:10,&quot;sizes&quot;:[]},&quot;space_between_tablet&quot;:{&quot;unit&quot;:&quot;px&quot;,&quot;size&quot;:10,&quot;sizes&quot;:[]},&quot;space_between_mobile&quot;:{&quot;unit&quot;:&quot;px&quot;,&quot;size&quot;:10,&quot;sizes&quot;:[]}}\" data-widget_type=\"testimonial-carousel.default\">\n\t\t\t\t<div class=\"elementor-widget-container\">\n\t\t\t\t\t\t\t\t\t<div class=\"elementor-swiper\">\n\t\t\t\t\t<div class=\"elementor-main-swiper swiper\" role=\"region\" aria-roledescription=\"carousel\" aria-label=\"Diapositivas\">\n\t\t\t\t<div class=\"swiper-wrapper\">\n\t\t\t\t\t\t\t\t\t\t\t<div class=\"swiper-slide\" role=\"group\" aria-roledescription=\"slide\">\n\t\t\t\t\t\t\t\t\t<div class=\"elementor-testimonial\">\n\t\t\t\t\t\t\t<div class=\"elementor-testimonial__content\">\n\t\t\t\t\t<div class=\"elementor-testimonial__text\">\n\t\t\t\t\t\tIngeniero de Telecomunicaciones por la FURB, M\u00e1ster en Ingenier\u00eda El\u00e9ctrica por la UFSC, Maestro Cervecero (Diploma Internacional en Tecnolog\u00eda Cervecera) por la World Brewing Academy (Siebel Institute of Technology y Doemens Academy) y Maestro Maltero por la CMBTC Malt Academy (Canadian Malting Barley Technical Centre). \t\t\t\t\t<\/div>\n\t\t\t\t\t<cite class=\"elementor-testimonial__cite\"><span class=\"elementor-testimonial__name\">Marcos Odebrecht Junior<\/span><span class=\"elementor-testimonial__title\">Martes 27\/09 a las 19.00 horas<\/span><\/cite>\t\t\t\t<\/div>\n\t\t\t\t\t\t<div class=\"elementor-testimonial__footer\">\n\t\t\t\t\t\t\t\t\t<div class=\"elementor-testimonial__image\">\n\t\t\t\t\t\t<img decoding=\"async\" src=\"https:\/\/cervejaemalte.com.br\/wp-content\/uploads\/2021\/12\/mini_marcos.jpg\" alt=\"Marcos Odebrecht Jr.\">\n\t\t\t\t\t\t\t\t\t\t\t<\/div>\n\t\t\t\t\t\t\t\t\t\t\t<\/div>\n\t\t<\/div>\n\t\t\t\t\t\t\t\t<\/div>\n\t\t\t\t\t\t\t\t\t<\/div>\n\t\t\t\t\t\t\t<\/div>\n\t\t\t\t<\/div>\n\t\t\t\t\t\t\t\t<\/div>\n\t\t\t\t<\/div>\n\t\t\t\t\t<\/div>\n\t\t<\/div>\n\t\t\t\t\t<\/div>\n\t\t<\/section>\n\t\t\t\t<section class=\"elementor-section elementor-top-section elementor-element elementor-element-14405be elementor-section-boxed elementor-section-height-default elementor-section-height-default\" data-id=\"14405be\" data-element_type=\"section\" data-settings=\"{&quot;background_background&quot;:&quot;classic&quot;}\">\n\t\t\t\t\t\t<div class=\"elementor-container elementor-column-gap-default\">\n\t\t\t\t\t<div class=\"elementor-column elementor-col-100 elementor-top-column elementor-element elementor-element-29dfde7\" data-id=\"29dfde7\" data-element_type=\"column\">\n\t\t\t<div class=\"elementor-widget-wrap elementor-element-populated\">\n\t\t\t\t\t\t<div class=\"elementor-element elementor-element-7e9b5a8 elementor-widget__width-initial elementor-widget elementor-widget-heading\" data-id=\"7e9b5a8\" data-element_type=\"widget\" data-widget_type=\"heading.default\">\n\t\t\t\t<div class=\"elementor-widget-container\">\n\t\t\t\t\t<h2 class=\"elementor-heading-title elementor-size-default\">Especias<\/h2>\t\t\t\t<\/div>\n\t\t\t\t<\/div>\n\t\t\t\t<div class=\"elementor-element elementor-element-f8b7b55 elementor-testimonial--layout-image_left elementor-testimonial--align-left elementor-testimonial--mobile-align-left elementor-testimonial--skin-default elementor-widget elementor-widget-testimonial-carousel\" data-id=\"f8b7b55\" data-element_type=\"widget\" data-settings=\"{&quot;slides_per_view&quot;:&quot;1&quot;,&quot;speed&quot;:500,&quot;space_between&quot;:{&quot;unit&quot;:&quot;px&quot;,&quot;size&quot;:10,&quot;sizes&quot;:[]},&quot;space_between_tablet&quot;:{&quot;unit&quot;:&quot;px&quot;,&quot;size&quot;:10,&quot;sizes&quot;:[]},&quot;space_between_mobile&quot;:{&quot;unit&quot;:&quot;px&quot;,&quot;size&quot;:10,&quot;sizes&quot;:[]}}\" data-widget_type=\"testimonial-carousel.default\">\n\t\t\t\t<div class=\"elementor-widget-container\">\n\t\t\t\t\t\t\t\t\t<div class=\"elementor-swiper\">\n\t\t\t\t\t<div class=\"elementor-main-swiper swiper\" role=\"region\" aria-roledescription=\"carousel\" aria-label=\"Diapositivas\">\n\t\t\t\t<div class=\"swiper-wrapper\">\n\t\t\t\t\t\t\t\t\t\t\t<div class=\"swiper-slide\" role=\"group\" aria-roledescription=\"slide\">\n\t\t\t\t\t\t\t\t\t<div class=\"elementor-testimonial\">\n\t\t\t\t\t\t\t<div class=\"elementor-testimonial__content\">\n\t\t\t\t\t<div class=\"elementor-testimonial__text\">\n\t\t\t\t\t\tLicenciado en Qu\u00edmica por la Universidad Estatal de Santa Catarina (UDESC), investigador y estudiante de maestr\u00eda en Qu\u00edmica Anal\u00edtica en la UDESC con proyectos de investigaci\u00f3n relacionados con el l\u00fapulo nacional. Cervecero casero desde 2012, ense\u00f1a en la Escola Superior de Cerveja e Malte y coordina los cursos Home Brewer y Craft Brewer.\n\t\t\t\t\t<\/div>\n\t\t\t\t\t<cite class=\"elementor-testimonial__cite\"><span class=\"elementor-testimonial__name\">Duan Ceola<\/span><span class=\"elementor-testimonial__title\">Mi\u00e9rcoles 28\/09 a las 19.00 horas<\/span><\/cite>\t\t\t\t<\/div>\n\t\t\t\t\t\t<div class=\"elementor-testimonial__footer\">\n\t\t\t\t\t\t\t\t\t<div class=\"elementor-testimonial__image\">\n\t\t\t\t\t\t<img decoding=\"async\" src=\"https:\/\/cervejaemalte.com.br\/wp-content\/uploads\/2021\/12\/mini_duan.jpg\" alt=\"Duan Ceola\">\n\t\t\t\t\t\t\t\t\t\t\t<\/div>\n\t\t\t\t\t\t\t\t\t\t\t<\/div>\n\t\t<\/div>\n\t\t\t\t\t\t\t\t<\/div>\n\t\t\t\t\t\t\t\t\t<\/div>\n\t\t\t\t\t\t\t<\/div>\n\t\t\t\t<\/div>\n\t\t\t\t\t\t\t\t<\/div>\n\t\t\t\t<\/div>\n\t\t\t\t\t<\/div>\n\t\t<\/div>\n\t\t\t\t\t<\/div>\n\t\t<\/section>\n\t\t\t\t<section class=\"elementor-section elementor-top-section elementor-element elementor-element-b478547 elementor-section-boxed elementor-section-height-default elementor-section-height-default\" data-id=\"b478547\" data-element_type=\"section\" data-settings=\"{&quot;background_background&quot;:&quot;classic&quot;}\">\n\t\t\t\t\t\t<div class=\"elementor-container elementor-column-gap-default\">\n\t\t\t\t\t<div class=\"elementor-column elementor-col-100 elementor-top-column elementor-element elementor-element-3dc1b0f\" data-id=\"3dc1b0f\" data-element_type=\"column\">\n\t\t\t<div class=\"elementor-widget-wrap elementor-element-populated\">\n\t\t\t\t\t\t<div class=\"elementor-element elementor-element-3b186b6 elementor-widget__width-initial elementor-widget elementor-widget-heading\" data-id=\"3b186b6\" data-element_type=\"widget\" data-widget_type=\"heading.default\">\n\t\t\t\t<div class=\"elementor-widget-container\">\n\t\t\t\t\t<h2 class=\"elementor-heading-title elementor-size-default\">Floculaci\u00f3n en la levadura de cerveza<\/h2>\t\t\t\t<\/div>\n\t\t\t\t<\/div>\n\t\t\t\t<div class=\"elementor-element elementor-element-3d3e629 elementor-testimonial--layout-image_left elementor-testimonial--align-left elementor-testimonial--skin-default elementor-widget elementor-widget-testimonial-carousel\" data-id=\"3d3e629\" data-element_type=\"widget\" data-settings=\"{&quot;slides_per_view&quot;:&quot;1&quot;,&quot;speed&quot;:500,&quot;space_between&quot;:{&quot;unit&quot;:&quot;px&quot;,&quot;size&quot;:10,&quot;sizes&quot;:[]},&quot;space_between_tablet&quot;:{&quot;unit&quot;:&quot;px&quot;,&quot;size&quot;:10,&quot;sizes&quot;:[]},&quot;space_between_mobile&quot;:{&quot;unit&quot;:&quot;px&quot;,&quot;size&quot;:10,&quot;sizes&quot;:[]}}\" data-widget_type=\"testimonial-carousel.default\">\n\t\t\t\t<div class=\"elementor-widget-container\">\n\t\t\t\t\t\t\t\t\t<div class=\"elementor-swiper\">\n\t\t\t\t\t<div class=\"elementor-main-swiper swiper\" role=\"region\" aria-roledescription=\"carousel\" aria-label=\"Diapositivas\">\n\t\t\t\t<div class=\"swiper-wrapper\">\n\t\t\t\t\t\t\t\t\t\t\t<div class=\"swiper-slide\" role=\"group\" aria-roledescription=\"slide\">\n\t\t\t\t\t\t\t\t\t<div class=\"elementor-testimonial\">\n\t\t\t\t\t\t\t<div class=\"elementor-testimonial__content\">\n\t\t\t\t\t<div class=\"elementor-testimonial__text\">\n\t\t\t\t\t\tLicenciado en Farmacia por la Universidad de Caxias do Sul, M\u00e1ster en Biotecnolog\u00eda por la Universidad Federal de Amazonas, Doctor en Bioqu\u00edmica y Postdoctorado en Biotecnolog\u00eda y Biociencias por la UFSC. Propietario de la empresa de levadura l\u00edquida y kit de control de calidad Levteck Tecnologia Viva en Florian\u00f3polis\/SC.\n\t\t\t\t\t<\/div>\n\t\t\t\t\t<cite class=\"elementor-testimonial__cite\"><span class=\"elementor-testimonial__name\">Gabriela Muller<\/span><span class=\"elementor-testimonial__title\">Jueves 29\/09 a las 19.00 horas<\/span><\/cite>\t\t\t\t<\/div>\n\t\t\t\t\t\t<div class=\"elementor-testimonial__footer\">\n\t\t\t\t\t\t\t\t\t<div class=\"elementor-testimonial__image\">\n\t\t\t\t\t\t<img decoding=\"async\" src=\"https:\/\/cervejaemalte.com.br\/wp-content\/uploads\/2021\/12\/mini_gabriela.jpg\" alt=\"Gabriela M\u00fcller\">\n\t\t\t\t\t\t\t\t\t\t\t<\/div>\n\t\t\t\t\t\t\t\t\t\t\t<\/div>\n\t\t<\/div>\n\t\t\t\t\t\t\t\t<\/div>\n\t\t\t\t\t\t\t\t\t<\/div>\n\t\t\t\t\t\t\t<\/div>\n\t\t\t\t<\/div>\n\t\t\t\t\t\t\t\t<\/div>\n\t\t\t\t<\/div>\n\t\t\t\t\t<\/div>\n\t\t<\/div>\n\t\t\t\t\t<\/div>\n\t\t<\/section>\n\t\t\t\t<\/div>","protected":false},"excerpt":{"rendered":"<p>Garanta sua vaga j\u00e1! Faltam Dias Horas Minutos Segundos para a Semana da Tecnologia Cervejeira Cen\u00e1rio do Plantio Mundial e os N\u00fameros da Safra 2021 e 2022 Vice-presidente de Desenvolvimento de Neg\u00f3cios da Hopsteiner Harald SchwarzSegunda-feira 26\/09 \u00e0s 19hs An\u00e1lise Sensorial como Ferramenta de Controle de Qualidade Engenheiro de Telecomunica\u00e7\u00f5es pela FURB, Mestre em Engenharia [&hellip;]<\/p>","protected":false},"author":1,"featured_media":0,"parent":0,"menu_order":0,"comment_status":"closed","ping_status":"closed","template":"","meta":{"footnotes":""},"class_list":["post-7317","page","type-page","status-publish","hentry"],"yoast_head":"<!-- This site is optimized with the Yoast SEO plugin v26.0 - https:\/\/yoast.com\/wordpress\/plugins\/seo\/ -->\n<title>Semana da Tecnologia Cervejeira - Cerveja e Malte<\/title>\n<meta name=\"description\" content=\"Quer aprender tudo sobre o mundo das Cervejarias? Venha participar desta semana de aulas gratuitas com a qualidade que s\u00f3 a Escola Superior de Cerveja e Malte entrega para voc\u00ea!\" \/>\n<meta name=\"robots\" content=\"index, follow, max-snippet:-1, max-image-preview:large, max-video-preview:-1\" \/>\n<link rel=\"canonical\" href=\"https:\/\/cervejaemalte.com.br\/es\/semana-tecnologica-de-la-cerveza\/\" \/>\n<meta property=\"og:locale\" content=\"es_ES\" \/>\n<meta property=\"og:type\" content=\"article\" \/>\n<meta property=\"og:title\" content=\"Semana da Tecnologia Cervejeira - Cerveja e Malte\" \/>\n<meta property=\"og:description\" content=\"Quer aprender tudo sobre o mundo das Cervejarias? Venha participar desta semana de aulas gratuitas com a qualidade que s\u00f3 a Escola Superior de Cerveja e Malte entrega para voc\u00ea!\" \/>\n<meta property=\"og:url\" content=\"https:\/\/cervejaemalte.com.br\/es\/semana-tecnologica-de-la-cerveza\/\" \/>\n<meta property=\"og:site_name\" content=\"Cerveja e Malte\" \/>\n<meta property=\"article:modified_time\" content=\"2023-02-10T09:25:38+00:00\" \/>\n<meta property=\"og:image\" content=\"https:\/\/cervejaemalte.com.br\/wp-content\/uploads\/2022\/09\/13a-Semana-da-Tecnologia-1080X1080.png\" \/>\n<meta name=\"twitter:card\" content=\"summary_large_image\" \/>\n<meta name=\"twitter:label1\" content=\"Tiempo de lectura\" \/>\n\t<meta name=\"twitter:data1\" content=\"3 minutos\" \/>\n<script type=\"application\/ld+json\" class=\"yoast-schema-graph\">{\"@context\":\"https:\/\/schema.org\",\"@graph\":[{\"@type\":\"WebPage\",\"@id\":\"https:\/\/cervejaemalte.com.br\/semana-da-tecnologia-cervejeira\/\",\"url\":\"https:\/\/cervejaemalte.com.br\/semana-da-tecnologia-cervejeira\/\",\"name\":\"Semana da Tecnologia Cervejeira - Cerveja e Malte\",\"isPartOf\":{\"@id\":\"https:\/\/cervejaemalte.com.br\/#website\"},\"primaryImageOfPage\":{\"@id\":\"https:\/\/cervejaemalte.com.br\/semana-da-tecnologia-cervejeira\/#primaryimage\"},\"image\":{\"@id\":\"https:\/\/cervejaemalte.com.br\/semana-da-tecnologia-cervejeira\/#primaryimage\"},\"thumbnailUrl\":\"https:\/\/cervejaemalte.com.br\/wp-content\/uploads\/2022\/09\/13a-Semana-da-Tecnologia-1080X1080.png\",\"datePublished\":\"2022-03-11T15:05:13+00:00\",\"dateModified\":\"2023-02-10T09:25:38+00:00\",\"description\":\"Quer aprender tudo sobre o mundo das Cervejarias? Venha participar desta semana de aulas gratuitas com a qualidade que s\u00f3 a Escola Superior de Cerveja e Malte entrega para voc\u00ea!\",\"breadcrumb\":{\"@id\":\"https:\/\/cervejaemalte.com.br\/semana-da-tecnologia-cervejeira\/#breadcrumb\"},\"inLanguage\":\"es\",\"potentialAction\":[{\"@type\":\"ReadAction\",\"target\":[\"https:\/\/cervejaemalte.com.br\/semana-da-tecnologia-cervejeira\/\"]}]},{\"@type\":\"ImageObject\",\"inLanguage\":\"es\",\"@id\":\"https:\/\/cervejaemalte.com.br\/semana-da-tecnologia-cervejeira\/#primaryimage\",\"url\":\"https:\/\/cervejaemalte.com.br\/wp-content\/uploads\/2022\/09\/13a-Semana-da-Tecnologia-1080X1080.png\",\"contentUrl\":\"https:\/\/cervejaemalte.com.br\/wp-content\/uploads\/2022\/09\/13a-Semana-da-Tecnologia-1080X1080.png\"},{\"@type\":\"BreadcrumbList\",\"@id\":\"https:\/\/cervejaemalte.com.br\/semana-da-tecnologia-cervejeira\/#breadcrumb\",\"itemListElement\":[{\"@type\":\"ListItem\",\"position\":1,\"name\":\"In\u00edcio\",\"item\":\"https:\/\/cervejaemalte.com.br\/\"},{\"@type\":\"ListItem\",\"position\":2,\"name\":\"Semana da Tecnologia Cervejeira\"}]},{\"@type\":\"WebSite\",\"@id\":\"https:\/\/cervejaemalte.com.br\/#website\",\"url\":\"https:\/\/cervejaemalte.com.br\/\",\"name\":\"Cerveja e Malte\",\"description\":\"\",\"potentialAction\":[{\"@type\":\"SearchAction\",\"target\":{\"@type\":\"EntryPoint\",\"urlTemplate\":\"https:\/\/cervejaemalte.com.br\/?s={search_term_string}\"},\"query-input\":{\"@type\":\"PropertyValueSpecification\",\"valueRequired\":true,\"valueName\":\"search_term_string\"}}],\"inLanguage\":\"es\"}]}<\/script>\n<!-- \/ Yoast SEO plugin. -->","yoast_head_json":{"title":"Semana da Tecnologia Cervejeira - Cerveja e Malte","description":"Quer aprender tudo sobre o mundo das Cervejarias? Venha participar desta semana de aulas gratuitas com a qualidade que s\u00f3 a Escola Superior de Cerveja e Malte entrega para voc\u00ea!","robots":{"index":"index","follow":"follow","max-snippet":"max-snippet:-1","max-image-preview":"max-image-preview:large","max-video-preview":"max-video-preview:-1"},"canonical":"https:\/\/cervejaemalte.com.br\/es\/semana-tecnologica-de-la-cerveza\/","og_locale":"es_ES","og_type":"article","og_title":"Semana da Tecnologia Cervejeira - Cerveja e Malte","og_description":"Quer aprender tudo sobre o mundo das Cervejarias? Venha participar desta semana de aulas gratuitas com a qualidade que s\u00f3 a Escola Superior de Cerveja e Malte entrega para voc\u00ea!","og_url":"https:\/\/cervejaemalte.com.br\/es\/semana-tecnologica-de-la-cerveza\/","og_site_name":"Cerveja e Malte","article_modified_time":"2023-02-10T09:25:38+00:00","og_image":[{"url":"https:\/\/cervejaemalte.com.br\/wp-content\/uploads\/2022\/09\/13a-Semana-da-Tecnologia-1080X1080.png","type":"","width":"","height":""}],"twitter_card":"summary_large_image","twitter_misc":{"Tiempo de lectura":"3 minutos"},"schema":{"@context":"https:\/\/schema.org","@graph":[{"@type":"WebPage","@id":"https:\/\/cervejaemalte.com.br\/semana-da-tecnologia-cervejeira\/","url":"https:\/\/cervejaemalte.com.br\/semana-da-tecnologia-cervejeira\/","name":"Semana da Tecnologia Cervejeira - Cerveja e Malte","isPartOf":{"@id":"https:\/\/cervejaemalte.com.br\/#website"},"primaryImageOfPage":{"@id":"https:\/\/cervejaemalte.com.br\/semana-da-tecnologia-cervejeira\/#primaryimage"},"image":{"@id":"https:\/\/cervejaemalte.com.br\/semana-da-tecnologia-cervejeira\/#primaryimage"},"thumbnailUrl":"https:\/\/cervejaemalte.com.br\/wp-content\/uploads\/2022\/09\/13a-Semana-da-Tecnologia-1080X1080.png","datePublished":"2022-03-11T15:05:13+00:00","dateModified":"2023-02-10T09:25:38+00:00","description":"Quer aprender tudo sobre o mundo das Cervejarias? Venha participar desta semana de aulas gratuitas com a qualidade que s\u00f3 a Escola Superior de Cerveja e Malte entrega para voc\u00ea!","breadcrumb":{"@id":"https:\/\/cervejaemalte.com.br\/semana-da-tecnologia-cervejeira\/#breadcrumb"},"inLanguage":"es","potentialAction":[{"@type":"ReadAction","target":["https:\/\/cervejaemalte.com.br\/semana-da-tecnologia-cervejeira\/"]}]},{"@type":"ImageObject","inLanguage":"es","@id":"https:\/\/cervejaemalte.com.br\/semana-da-tecnologia-cervejeira\/#primaryimage","url":"https:\/\/cervejaemalte.com.br\/wp-content\/uploads\/2022\/09\/13a-Semana-da-Tecnologia-1080X1080.png","contentUrl":"https:\/\/cervejaemalte.com.br\/wp-content\/uploads\/2022\/09\/13a-Semana-da-Tecnologia-1080X1080.png"},{"@type":"BreadcrumbList","@id":"https:\/\/cervejaemalte.com.br\/semana-da-tecnologia-cervejeira\/#breadcrumb","itemListElement":[{"@type":"ListItem","position":1,"name":"In\u00edcio","item":"https:\/\/cervejaemalte.com.br\/"},{"@type":"ListItem","position":2,"name":"Semana da Tecnologia Cervejeira"}]},{"@type":"WebSite","@id":"https:\/\/cervejaemalte.com.br\/#website","url":"https:\/\/cervejaemalte.com.br\/","name":"Cerveja e Malte","description":"","potentialAction":[{"@type":"SearchAction","target":{"@type":"EntryPoint","urlTemplate":"https:\/\/cervejaemalte.com.br\/?s={search_term_string}"},"query-input":{"@type":"PropertyValueSpecification","valueRequired":true,"valueName":"search_term_string"}}],"inLanguage":"es"}]}},"_links":{"self":[{"href":"https:\/\/cervejaemalte.com.br\/es\/wp-json\/wp\/v2\/pages\/7317","targetHints":{"allow":["GET"]}}],"collection":[{"href":"https:\/\/cervejaemalte.com.br\/es\/wp-json\/wp\/v2\/pages"}],"about":[{"href":"https:\/\/cervejaemalte.com.br\/es\/wp-json\/wp\/v2\/types\/page"}],"author":[{"embeddable":true,"href":"https:\/\/cervejaemalte.com.br\/es\/wp-json\/wp\/v2\/users\/1"}],"replies":[{"embeddable":true,"href":"https:\/\/cervejaemalte.com.br\/es\/wp-json\/wp\/v2\/comments?post=7317"}],"version-history":[{"count":95,"href":"https:\/\/cervejaemalte.com.br\/es\/wp-json\/wp\/v2\/pages\/7317\/revisions"}],"predecessor-version":[{"id":9888,"href":"https:\/\/cervejaemalte.com.br\/es\/wp-json\/wp\/v2\/pages\/7317\/revisions\/9888"}],"wp:attachment":[{"href":"https:\/\/cervejaemalte.com.br\/es\/wp-json\/wp\/v2\/media?parent=7317"}],"curies":[{"name":"wp","href":"https:\/\/api.w.org\/{rel}","templated":true}]}}